{"id":6247,"date":"2013-04-18T08:53:00","date_gmt":"2013-04-18T07:53:00","guid":{"rendered":"http:\/\/blog.sotrender.com\/?page_id=6247"},"modified":"2013-04-18T11:32:25","modified_gmt":"2013-04-18T10:32:25","slug":"kryzys","status":"publish","type":"page","link":"https:\/\/www.sotrender.com\/blog\/pl\/kryzys\/","title":{"rendered":"Raport"},"content":{"rendered":"<div style=\"text-align: justify;\"><strong> Sotrender prezentuje raport \u201eKryzys w czasach Facebooka\u201c,  podsumowuj\u0105cy analizy 19 r\u00f3\u017cnych kryzys\u00f3w w polskich mediach spo\u0142eczno\u015bciowych,  kt\u00f3re wydarzy\u0142y si\u0119 od pocz\u0105tku 2012 roku. Premiera opracowania jest zwi\u0105zana z <a title=\"Sprawd\u017a stron\u0119 wydarzenia\" href=\"http:\/\/www.kongresprofesjonalistow.pl\/\" target=\"_blank\">Kongresem Profesjonalist\u00f3w Public Relations 2013<\/a>.<\/strong><\/div>\n<div style=\"text-align: justify;\"><!--more--><\/div>\n<div>\n<p style=\"text-align: justify;\"><a href=\"https:\/\/www.sotrender.com\/blog\/wp-content\/uploads\/2013\/04\/ulotka3.jpg\"><img loading=\"lazy\" decoding=\"async\" class=\"aligncenter size-large wp-image-6229\" alt=\"Kryzys w czasach Facebooka\" src=\"https:\/\/www.sotrender.com\/blog\/wp-content\/uploads\/2013\/04\/ulotka3-1024x934.jpg\" width=\"1024\" height=\"934\" \/><\/a><\/p>\n<p style=\"text-align: justify;\">Raport \u201eKryzys w czasach Facebooka\u201c to pierwsze opracowanie w zwi\u0119z\u0142y spos\u00f3b przedstawiaj\u0105ce najwa\u017cniejsze wnioski z kryzys\u00f3w i sytuacji problematycznych w social media,  kt\u00f3re wydarzy\u0142y si\u0119 w Polsce od pocz\u0105tku 2012 r.. Zale\u017ca\u0142o nam,  aby osoby odpowiadaj\u0105ce za zarz\u0105dzanie reputacj\u0105 marki dosta\u0142y rekomendacje,  kt\u00f3re b\u0119d\u0105 przek\u0142adalne na praktyczne dzia\u0142ania.<\/p>\n<p style=\"text-align: justify;\">Opieraj\u0105c si\u0119 na ilo\u015bciowych i jako\u015bciowych danych zebranych z medi\u00f3w spo\u0142eczno\u015bciowych,  przede wszystkim z Facebooka,  kt\u00f3ry by\u0142 g\u0142\u00f3wn\u0105 aren\u0105 kryzys\u00f3w,  przebadali\u015bmy 19 sytuacji,  kt\u00f3re dosta\u0142y \u0142at\u0119 \u201ekryzys w social media\u201c. W raporcie piszemy o kryzysach wa\u017cnych,  mniej wa\u017cnych i nies\u0142usznie nazywanych kryzysami,  w tym m.in. dotycz\u0105cych NC+,  ACTA,  Uwa\u017cam Rze czy Play. Opisujemy,  jak wobec popularyzacji social media zmienia si\u0119 uk\u0142ad si\u0142 w relacji klient-firma. Zwracamy uwag\u0119 na dobre i z\u0142e praktyki,  a tak\u017ce na znaczenie sposobu zachowania administrator\u00f3w stron w profilaktyce i radzeniu sobie z zaistnia\u0142ym kryzysem.<\/p>\n<p style=\"text-align: justify;\">Publikacja zosta\u0142a obj\u0119ta patronatem <a title=\"Strona stowarzyszenia\" href=\"http:\/\/www.polskipr.pl\/\" target=\"_blank\">Polskiego Stowarzyszenia Public Relations<\/a>. Opracowanie zosta\u0142o r\u00f3wnie\u017c wzbogacone o komentarze ekspert\u00f3w z bran\u017cy public relations. W raporcie wypowiedzieli si\u0119 <a title=\"Sprawd\u017a w serwisie LinkedIn\" href=\"http:\/\/www.linkedin.com\/pub\/piotr-czarnowski\/0\/119\/b94\" target=\"_blank\">Piotr Czarnowski<\/a>,  <a title=\"Sprawd\u017a biogram\" href=\"http:\/\/www.imagopr.pl\/ludzie.html\" target=\"_blank\">Rafa\u0142 Czechowski<\/a>,  <a title=\"Sprawd\u017a w serwisie LinkedIn\" href=\"http:\/\/www.linkedin.com\/pub\/tomasz-nadolny\/5\/99b\/844\" target=\"_blank\">Tomasz Nadolny<\/a>,  <a title=\"Sprawd\u017a w serwisie LinkedIn\" href=\"http:\/\/pl.linkedin.com\/pub\/justyna-szafraniec\/7\/104\/a42\" target=\"_blank\">Justyna Szafraniec<\/a> ,  <a title=\"Sprawd\u017a w serwisie LinkedIn\" href=\"http:\/\/www.linkedin.com\/in\/monikaczaplicka\" target=\"_blank\">Monika Czaplicka<\/a> i <a title=\"Sprawd\u017a w serwisie LinkedIn\" href=\"http:\/\/www.linkedin.com\/pub\/andrzej-pomaranski\/12\/6a4\/869\" target=\"_blank\">Andrzej Pomara\u0144ski<\/a>.<\/p>\n<p style=\"text-align: justify;\">Zapraszamy do zapoznania si\u0119 z efektami pracy Sotrender Research Team.<\/p>\n<h3 style=\"text-align: center;\"><\/h3>\n<p>&nbsp;<\/p>\n<h3 style=\"text-align: center;\"><a href=\"http:\/\/www.sotrender.com\/uploads\/files\/kryzys-w-czasach-facebooka.pdf\" target=\"_blank\"><strong>&gt;&gt;&gt;Raport jest dost\u0119pny TU&lt;&lt;&lt;<\/strong><\/a><\/h3>\n<p>&nbsp;<\/p>\n<p style=\"text-align: justify;\">Je\u015bli jeste\u015b zainteresowany poznaniem mo\u017cliwo\u015bci Sotrender Research Team <a title=\"Sotrender - formularz kontaktowy\" href=\"http:\/\/www.sotrender.com\/pl\/contact\" target=\"_blank\">zapraszamy do kontaktu.<\/a><\/p>\n<\/div>\n","protected":false},"excerpt":{"rendered":"<p>Sotrender prezentuje raport \u201eKryzys w czasach Facebooka\u201c, podsumowuj\u0105cy analizy 19 r\u00f3\u017cnych kryzys\u00f3w w polskich mediach spo\u0142eczno\u015bciowych, kt\u00f3re wydarzy\u0142y si\u0119 od pocz\u0105tku 2012 roku. Premiera opracowania jest zwi\u0105zana z Kongresem Profesjonalist\u00f3w Public Relations 2013.<\/p>\n","protected":false},"author":11,"featured_media":0,"parent":0,"menu_order":0,"comment_status":"open","ping_status":"open","template":"","meta":{"inline_featured_image":false,"footnotes":""},"yoast_head":"<!-- This site is optimized with the Yoast SEO plugin v22.4 - https:\/\/yoast.com\/wordpress\/plugins\/seo\/ -->\n<title>Raport \u2013 Analyze, Benchmark &amp; Report Your Social Media Performance<\/title>\n<meta name=\"description\" content=\"Sotrender prezentuje raport \u201eKryzys w czasach Facebooka\u201c, podsumowuj\u0105cy analizy 19 r\u00f3\u017cnych kryzys\u00f3w w polskich mediach spo\u0142eczno\u015bciowych, kt\u00f3re wydarzy\u0142y\" \/>\n<meta name=\"robots\" content=\"index, follow, max-snippet:-1, max-image-preview:large, max-video-preview:-1\" \/>\n<link rel=\"canonical\" href=\"https:\/\/www.sotrender.com\/blog\/pl\/kryzys\/\" \/>\n<meta property=\"og:locale\" content=\"pl_PL\" \/>\n<meta property=\"og:type\" content=\"article\" \/>\n<meta property=\"og:title\" content=\"Raport \u2013 Analyze, Benchmark &amp; Report Your Social Media Performance\" \/>\n<meta property=\"og:description\" content=\"Sotrender prezentuje raport \u201eKryzys w czasach Facebooka\u201c, podsumowuj\u0105cy analizy 19 r\u00f3\u017cnych kryzys\u00f3w w polskich mediach spo\u0142eczno\u015bciowych, kt\u00f3re wydarzy\u0142y\" \/>\n<meta property=\"og:url\" content=\"https:\/\/www.sotrender.com\/blog\/pl\/kryzys\/\" \/>\n<meta property=\"og:site_name\" content=\"Sotrender Blog\" \/>\n<meta property=\"article:publisher\" content=\"https:\/\/www.facebook.com\/Sotrender\" \/>\n<meta property=\"article:modified_time\" content=\"2013-04-18T10:32:25+00:00\" \/>\n<meta property=\"og:image\" content=\"https:\/\/www.sotrender.com\/blog\/wp-content\/uploads\/2013\/04\/ulotka3-1024x934.jpg\" \/>\n<meta name=\"twitter:card\" content=\"summary_large_image\" \/>\n<meta name=\"twitter:site\" content=\"@Sotrender\" \/>\n<meta name=\"twitter:label1\" content=\"Est. reading time\" \/>\n\t<meta name=\"twitter:data1\" content=\"1 minute\" \/>\n<script type=\"application\/ld+json\" class=\"yoast-schema-graph\">{\"@context\":\"https:\/\/schema.org\",\"@graph\":[{\"@type\":\"WebPage\",\"@id\":\"https:\/\/www.sotrender.com\/blog\/pl\/kryzys\/\",\"url\":\"https:\/\/www.sotrender.com\/blog\/pl\/kryzys\/\",\"name\":\"Raport \u2013 Analyze, Benchmark & Report Your Social Media Performance\",\"isPartOf\":{\"@id\":\"https:\/\/www.sotrender.com\/blog\/#website\"},\"primaryImageOfPage\":{\"@id\":\"https:\/\/www.sotrender.com\/blog\/pl\/kryzys\/#primaryimage\"},\"image\":{\"@id\":\"https:\/\/www.sotrender.com\/blog\/pl\/kryzys\/#primaryimage\"},\"thumbnailUrl\":\"https:\/\/www.sotrender.com\/blog\/wp-content\/uploads\/2013\/04\/ulotka3-1024x934.jpg\",\"datePublished\":\"2013-04-18T07:53:00+00:00\",\"dateModified\":\"2013-04-18T10:32:25+00:00\",\"description\":\"Sotrender prezentuje raport \u201eKryzys w czasach Facebooka\u201c, podsumowuj\u0105cy analizy 19 r\u00f3\u017cnych kryzys\u00f3w w polskich mediach spo\u0142eczno\u015bciowych, kt\u00f3re wydarzy\u0142y\",\"breadcrumb\":{\"@id\":\"https:\/\/www.sotrender.com\/blog\/pl\/kryzys\/#breadcrumb\"},\"inLanguage\":\"pl-PL\",\"potentialAction\":[{\"@type\":\"ReadAction\",\"target\":[\"https:\/\/www.sotrender.com\/blog\/pl\/kryzys\/\"]}]},{\"@type\":\"ImageObject\",\"inLanguage\":\"pl-PL\",\"@id\":\"https:\/\/www.sotrender.com\/blog\/pl\/kryzys\/#primaryimage\",\"url\":\"https:\/\/www.sotrender.com\/blog\/wp-content\/uploads\/2013\/04\/ulotka3-1024x934.jpg\",\"contentUrl\":\"https:\/\/www.sotrender.com\/blog\/wp-content\/uploads\/2013\/04\/ulotka3-1024x934.jpg\"},{\"@type\":\"BreadcrumbList\",\"@id\":\"https:\/\/www.sotrender.com\/blog\/pl\/kryzys\/#breadcrumb\",\"itemListElement\":[{\"@type\":\"ListItem\",\"position\":1,\"name\":\"Home\",\"item\":\"https:\/\/www.sotrender.com\/blog\/\"},{\"@type\":\"ListItem\",\"position\":2,\"name\":\"Raport\"}]},{\"@type\":\"WebSite\",\"@id\":\"https:\/\/www.sotrender.com\/blog\/#website\",\"url\":\"https:\/\/www.sotrender.com\/blog\/\",\"name\":\"Sotrender Blog\",\"description\":\"\",\"potentialAction\":[{\"@type\":\"SearchAction\",\"target\":{\"@type\":\"EntryPoint\",\"urlTemplate\":\"https:\/\/www.sotrender.com\/blog\/?s={search_term_string}\"},\"query-input\":\"required name=search_term_string\"}],\"inLanguage\":\"pl-PL\"}]}<\/script>\n<!-- \/ Yoast SEO plugin. -->","yoast_head_json":{"title":"Raport \u2013 Analyze, Benchmark & Report Your Social Media Performance","description":"Sotrender prezentuje raport \u201eKryzys w czasach Facebooka\u201c, podsumowuj\u0105cy analizy 19 r\u00f3\u017cnych kryzys\u00f3w w polskich mediach spo\u0142eczno\u015bciowych, kt\u00f3re wydarzy\u0142y","robots":{"index":"index","follow":"follow","max-snippet":"max-snippet:-1","max-image-preview":"max-image-preview:large","max-video-preview":"max-video-preview:-1"},"canonical":"https:\/\/www.sotrender.com\/blog\/pl\/kryzys\/","og_locale":"pl_PL","og_type":"article","og_title":"Raport \u2013 Analyze, Benchmark & Report Your Social Media Performance","og_description":"Sotrender prezentuje raport \u201eKryzys w czasach Facebooka\u201c, podsumowuj\u0105cy analizy 19 r\u00f3\u017cnych kryzys\u00f3w w polskich mediach spo\u0142eczno\u015bciowych, kt\u00f3re wydarzy\u0142y","og_url":"https:\/\/www.sotrender.com\/blog\/pl\/kryzys\/","og_site_name":"Sotrender Blog","article_publisher":"https:\/\/www.facebook.com\/Sotrender","article_modified_time":"2013-04-18T10:32:25+00:00","og_image":[{"url":"https:\/\/www.sotrender.com\/blog\/wp-content\/uploads\/2013\/04\/ulotka3-1024x934.jpg"}],"twitter_card":"summary_large_image","twitter_site":"@Sotrender","twitter_misc":{"Est. reading time":"1 minute"},"schema":{"@context":"https:\/\/schema.org","@graph":[{"@type":"WebPage","@id":"https:\/\/www.sotrender.com\/blog\/pl\/kryzys\/","url":"https:\/\/www.sotrender.com\/blog\/pl\/kryzys\/","name":"Raport \u2013 Analyze, Benchmark & Report Your Social Media Performance","isPartOf":{"@id":"https:\/\/www.sotrender.com\/blog\/#website"},"primaryImageOfPage":{"@id":"https:\/\/www.sotrender.com\/blog\/pl\/kryzys\/#primaryimage"},"image":{"@id":"https:\/\/www.sotrender.com\/blog\/pl\/kryzys\/#primaryimage"},"thumbnailUrl":"https:\/\/www.sotrender.com\/blog\/wp-content\/uploads\/2013\/04\/ulotka3-1024x934.jpg","datePublished":"2013-04-18T07:53:00+00:00","dateModified":"2013-04-18T10:32:25+00:00","description":"Sotrender prezentuje raport \u201eKryzys w czasach Facebooka\u201c, podsumowuj\u0105cy analizy 19 r\u00f3\u017cnych kryzys\u00f3w w polskich mediach spo\u0142eczno\u015bciowych, kt\u00f3re wydarzy\u0142y","breadcrumb":{"@id":"https:\/\/www.sotrender.com\/blog\/pl\/kryzys\/#breadcrumb"},"inLanguage":"pl-PL","potentialAction":[{"@type":"ReadAction","target":["https:\/\/www.sotrender.com\/blog\/pl\/kryzys\/"]}]},{"@type":"ImageObject","inLanguage":"pl-PL","@id":"https:\/\/www.sotrender.com\/blog\/pl\/kryzys\/#primaryimage","url":"https:\/\/www.sotrender.com\/blog\/wp-content\/uploads\/2013\/04\/ulotka3-1024x934.jpg","contentUrl":"https:\/\/www.sotrender.com\/blog\/wp-content\/uploads\/2013\/04\/ulotka3-1024x934.jpg"},{"@type":"BreadcrumbList","@id":"https:\/\/www.sotrender.com\/blog\/pl\/kryzys\/#breadcrumb","itemListElement":[{"@type":"ListItem","position":1,"name":"Home","item":"https:\/\/www.sotrender.com\/blog\/"},{"@type":"ListItem","position":2,"name":"Raport"}]},{"@type":"WebSite","@id":"https:\/\/www.sotrender.com\/blog\/#website","url":"https:\/\/www.sotrender.com\/blog\/","name":"Sotrender Blog","description":"","potentialAction":[{"@type":"SearchAction","target":{"@type":"EntryPoint","urlTemplate":"https:\/\/www.sotrender.com\/blog\/?s={search_term_string}"},"query-input":"required name=search_term_string"}],"inLanguage":"pl-PL"}]}},"_links":{"self":[{"href":"https:\/\/www.sotrender.com\/blog\/pl\/wp-json\/wp\/v2\/pages\/6247"}],"collection":[{"href":"https:\/\/www.sotrender.com\/blog\/pl\/wp-json\/wp\/v2\/pages"}],"about":[{"href":"https:\/\/www.sotrender.com\/blog\/pl\/wp-json\/wp\/v2\/types\/page"}],"author":[{"embeddable":true,"href":"https:\/\/www.sotrender.com\/blog\/pl\/wp-json\/wp\/v2\/users\/11"}],"replies":[{"embeddable":true,"href":"https:\/\/www.sotrender.com\/blog\/pl\/wp-json\/wp\/v2\/comments?post=6247"}],"version-history":[{"count":6,"href":"https:\/\/www.sotrender.com\/blog\/pl\/wp-json\/wp\/v2\/pages\/6247\/revisions"}],"predecessor-version":[{"id":6275,"href":"https:\/\/www.sotrender.com\/blog\/pl\/wp-json\/wp\/v2\/pages\/6247\/revisions\/6275"}],"wp:attachment":[{"href":"https:\/\/www.sotrender.com\/blog\/pl\/wp-json\/wp\/v2\/media?parent=6247"}],"curies":[{"name":"wp","href":"https:\/\/api.w.org\/{rel}","templated":true}]}}