{"id":50809,"date":"2021-06-18T10:48:43","date_gmt":"2021-06-18T10:48:43","guid":{"rendered":"https:\/\/www.sotrender.com\/resources\/?p=9293\/"},"modified":"2021-06-18T10:48:43","modified_gmt":"2021-06-18T10:48:43","slug":"najczesciej-pojawiajace-sie-problemy-z-polaczeniem-profilu-facebookowego","status":"publish","type":"faq","link":"https:\/\/www.sotrender.com\/blog\/pl\/faq\/najczesciej-pojawiajace-sie-problemy-z-polaczeniem-profilu-facebookowego\/","title":{"rendered":"Najcz\u0119\u015bciej pojawiaj\u0105ce si\u0119 problemy z po\u0142\u0105czeniem profilu facebookowego"},"content":{"rendered":"<p><span style=\"font-weight: 400;\">Profil facebookowy, do kt\u00f3rego masz dost\u0119p nie pojawia si\u0119 na li\u015bcie po klikni\u0119ciu w \u201eDodaj profil\u201d w Sotrenderze? Po dodaniu autoryzacji nie pojawiaj\u0105 si\u0119 dane insightowe?<\/span><\/p>\n<p><span style=\"font-weight: 400;\">Przygotowali\u015bmy dla Ciebie gar\u015b\u0107 porad, kt\u00f3re b\u0119d\u0105 pomocne w takich sytuacjach.<\/span><\/p>\n<p><!--more--><\/p>\n<p><span style=\"font-weight: 400;\">Na pocz\u0105tek sprawd\u017a, czy profil pojawia si\u0119 <\/span><a href=\"https:\/\/www.facebook.com\/settings?tab=business_tools&amp;ref=settings\"><span style=\"font-weight: 400;\">w integracjach biznesowych<\/span><\/a><span style=\"font-weight: 400;\">.\u00a0<\/span><\/p>\n<ul>\n<li style=\"font-weight: 400;\" aria-level=\"1\"><span style=\"font-weight: 400;\">Je\u015bli si\u0119 pojawi &#8211; zaznacz wszystkie checkboxy i dodaj ponownie autoryzacj\u0119 w Sotrenderze.<\/span><\/li>\n<\/ul>\n<p><img loading=\"lazy\" decoding=\"async\" class=\" wp-image-9263 aligncenter\" src=\"https:\/\/www.sotrender.com\/blog\/wp-content\/uploads\/2021\/06\/image5-1-1.png\" alt=\"\" width=\"501\" height=\"585\" \/><\/p>\n<ul>\n<li style=\"font-weight: 400;\" aria-level=\"1\"><span style=\"font-weight: 400;\">Je\u015bli si\u0119 nie pojawi &#8211; sprawd\u017a, czy masz dost\u0119p do danego profilu (wejd\u017a na sw\u00f3j profil -&gt; Ustawienia strony -&gt; Role na stronie).<\/span><\/li>\n<\/ul>\n<p><img loading=\"lazy\" decoding=\"async\" class=\" wp-image-9295 aligncenter\" src=\"https:\/\/www.sotrender.com\/blog\/wp-content\/uploads\/2021\/06\/ustawienia-strony-na-facebooku-1.png\" alt=\"ustawienia strony na facebooku\" width=\"351\" height=\"652\" \/><\/p>\n<p style=\"padding-left: 60px;\"><span style=\"font-weight: 400;\">1. Je\u015bli posiadasz dost\u0119p &#8211; usu\u0144 Sotrendera z integracji biznesowych, przeloguj si\u0119 w narz\u0119dziu i dodaj ponownie autoryzacj\u0119, zaznaczaj\u0105c wszystkie checkboxy podczas logowania do Facebooka.<\/span><\/p>\n<p><img loading=\"lazy\" decoding=\"async\" class=\"alignnone size-large wp-image-9213\" src=\"https:\/\/www.sotrender.com\/blog\/wp-content\/uploads\/2021\/06\/integracje-biznesowe-na-facebooku-1-1024x402.png\" alt=\"integracje biznesowe na facebooku\" width=\"1024\" height=\"402\" \/><\/p>\n<p><img loading=\"lazy\" decoding=\"async\" class=\"size-full wp-image-9159 aligncenter\" src=\"https:\/\/www.sotrender.com\/blog\/wp-content\/uploads\/2021\/06\/profile-i-autoryzacje-1.png\" alt=\"profile i autoryzacje, sotrender\" width=\"285\" height=\"372\" \/><\/p>\n<p>&nbsp;<\/p>\n<p><img loading=\"lazy\" decoding=\"async\" class=\" wp-image-9211 aligncenter\" src=\"https:\/\/www.sotrender.com\/blog\/wp-content\/uploads\/2021\/06\/image17-1.png\" alt=\"\" width=\"503\" height=\"236\" \/><\/p>\n<p><img loading=\"lazy\" decoding=\"async\" class=\" wp-image-9269 aligncenter\" src=\"https:\/\/www.sotrender.com\/blog\/wp-content\/uploads\/2021\/06\/image33-1.png\" alt=\"\" width=\"501\" height=\"596\" \/><\/p>\n<p style=\"padding-left: 60px;\">2.\u00a0<span style=\"font-weight: 400;\">Je\u015bli nie masz dost\u0119pu do profilu &#8211; skontaktuj si\u0119 z jego administratorem, aby uzyska\u0107 odpowiedni dost\u0119p.<\/span><\/p>\n<p>&nbsp;<\/p>\n","protected":false},"author":89,"featured_media":3753,"template":"","yoast_head":"<!-- This site is optimized with the Yoast SEO plugin v22.4 - https:\/\/yoast.com\/wordpress\/plugins\/seo\/ -->\n<title>Najcz\u0119\u015bciej pojawiaj\u0105ce si\u0119 problemy z po\u0142\u0105czeniem profilu na Facebooku<\/title>\n<meta name=\"description\" content=\"Profil facebookowy, do kt\u00f3rego masz dost\u0119p nie pojawia si\u0119 na li\u015bcie po klikni\u0119ciu w \u201eDodaj profil\u201d w Sotrenderze? Przygotowali\u015bmy dla Ciebie gar\u015b\u0107 porad.\" \/>\n<meta name=\"robots\" content=\"index, follow, max-snippet:-1, max-image-preview:large, max-video-preview:-1\" \/>\n<link rel=\"canonical\" href=\"https:\/\/wwwprod.sotrender.com\/blog\/pl\/faq\/najczesciej-pojawiajace-sie-problemy-z-polaczeniem-profilu-facebookowego\/\" \/>\n<meta property=\"og:locale\" content=\"pl_PL\" \/>\n<meta property=\"og:type\" content=\"article\" \/>\n<meta property=\"og:title\" content=\"Najcz\u0119\u015bciej pojawiaj\u0105ce si\u0119 problemy z po\u0142\u0105czeniem profilu na Facebooku\" \/>\n<meta property=\"og:description\" content=\"Profil facebookowy, do kt\u00f3rego masz dost\u0119p nie pojawia si\u0119 na li\u015bcie po klikni\u0119ciu w \u201eDodaj profil\u201d w Sotrenderze? Przygotowali\u015bmy dla Ciebie gar\u015b\u0107 porad.\" \/>\n<meta property=\"og:url\" content=\"https:\/\/wwwprod.sotrender.com\/blog\/pl\/faq\/najczesciej-pojawiajace-sie-problemy-z-polaczeniem-profilu-facebookowego\/\" \/>\n<meta property=\"og:site_name\" content=\"Sotrender Blog\" \/>\n<meta property=\"article:publisher\" content=\"https:\/\/www.facebook.com\/Sotrender\" \/>\n<meta name=\"twitter:card\" content=\"summary_large_image\" \/>\n<meta name=\"twitter:site\" content=\"@Sotrender\" \/>\n<meta name=\"twitter:label1\" content=\"Est. reading time\" \/>\n\t<meta name=\"twitter:data1\" content=\"1 minute\" \/>\n<script type=\"application\/ld+json\" class=\"yoast-schema-graph\">{\"@context\":\"https:\/\/schema.org\",\"@graph\":[{\"@type\":\"WebPage\",\"@id\":\"https:\/\/wwwprod.sotrender.com\/blog\/pl\/faq\/najczesciej-pojawiajace-sie-problemy-z-polaczeniem-profilu-facebookowego\/\",\"url\":\"https:\/\/wwwprod.sotrender.com\/blog\/pl\/faq\/najczesciej-pojawiajace-sie-problemy-z-polaczeniem-profilu-facebookowego\/\",\"name\":\"Najcz\u0119\u015bciej pojawiaj\u0105ce si\u0119 problemy z po\u0142\u0105czeniem profilu na Facebooku\",\"isPartOf\":{\"@id\":\"https:\/\/www.sotrender.com\/blog\/#website\"},\"primaryImageOfPage\":{\"@id\":\"https:\/\/wwwprod.sotrender.com\/blog\/pl\/faq\/najczesciej-pojawiajace-sie-problemy-z-polaczeniem-profilu-facebookowego\/#primaryimage\"},\"image\":{\"@id\":\"https:\/\/wwwprod.sotrender.com\/blog\/pl\/faq\/najczesciej-pojawiajace-sie-problemy-z-polaczeniem-profilu-facebookowego\/#primaryimage\"},\"thumbnailUrl\":\"\",\"datePublished\":\"2021-06-18T10:48:43+00:00\",\"dateModified\":\"2021-06-18T10:48:43+00:00\",\"description\":\"Profil facebookowy, do kt\u00f3rego masz dost\u0119p nie pojawia si\u0119 na li\u015bcie po klikni\u0119ciu w \u201eDodaj profil\u201d w Sotrenderze? Przygotowali\u015bmy dla Ciebie gar\u015b\u0107 porad.\",\"breadcrumb\":{\"@id\":\"https:\/\/wwwprod.sotrender.com\/blog\/pl\/faq\/najczesciej-pojawiajace-sie-problemy-z-polaczeniem-profilu-facebookowego\/#breadcrumb\"},\"inLanguage\":\"pl-PL\",\"potentialAction\":[{\"@type\":\"ReadAction\",\"target\":[\"https:\/\/wwwprod.sotrender.com\/blog\/pl\/faq\/najczesciej-pojawiajace-sie-problemy-z-polaczeniem-profilu-facebookowego\/\"]}]},{\"@type\":\"ImageObject\",\"inLanguage\":\"pl-PL\",\"@id\":\"https:\/\/wwwprod.sotrender.com\/blog\/pl\/faq\/najczesciej-pojawiajace-sie-problemy-z-polaczeniem-profilu-facebookowego\/#primaryimage\",\"url\":\"\",\"contentUrl\":\"\"},{\"@type\":\"BreadcrumbList\",\"@id\":\"https:\/\/wwwprod.sotrender.com\/blog\/pl\/faq\/najczesciej-pojawiajace-sie-problemy-z-polaczeniem-profilu-facebookowego\/#breadcrumb\",\"itemListElement\":[{\"@type\":\"ListItem\",\"position\":1,\"name\":\"Home\",\"item\":\"https:\/\/www.sotrender.com\/blog\/\"},{\"@type\":\"ListItem\",\"position\":2,\"name\":\"Faqs\",\"item\":\"https:\/\/wwwprod.sotrender.com\/blog\/faq\/\"},{\"@type\":\"ListItem\",\"position\":3,\"name\":\"Najcz\u0119\u015bciej pojawiaj\u0105ce si\u0119 problemy z po\u0142\u0105czeniem profilu facebookowego\"}]},{\"@type\":\"WebSite\",\"@id\":\"https:\/\/www.sotrender.com\/blog\/#website\",\"url\":\"https:\/\/www.sotrender.com\/blog\/\",\"name\":\"Sotrender Blog\",\"description\":\"\",\"potentialAction\":[{\"@type\":\"SearchAction\",\"target\":{\"@type\":\"EntryPoint\",\"urlTemplate\":\"https:\/\/www.sotrender.com\/blog\/?s={search_term_string}\"},\"query-input\":\"required name=search_term_string\"}],\"inLanguage\":\"pl-PL\"}]}<\/script>\n<!-- \/ Yoast SEO plugin. -->","yoast_head_json":{"title":"Najcz\u0119\u015bciej pojawiaj\u0105ce si\u0119 problemy z po\u0142\u0105czeniem profilu na Facebooku","description":"Profil facebookowy, do kt\u00f3rego masz dost\u0119p nie pojawia si\u0119 na li\u015bcie po klikni\u0119ciu w \u201eDodaj profil\u201d w Sotrenderze? Przygotowali\u015bmy dla Ciebie gar\u015b\u0107 porad.","robots":{"index":"index","follow":"follow","max-snippet":"max-snippet:-1","max-image-preview":"max-image-preview:large","max-video-preview":"max-video-preview:-1"},"canonical":"https:\/\/wwwprod.sotrender.com\/blog\/pl\/faq\/najczesciej-pojawiajace-sie-problemy-z-polaczeniem-profilu-facebookowego\/","og_locale":"pl_PL","og_type":"article","og_title":"Najcz\u0119\u015bciej pojawiaj\u0105ce si\u0119 problemy z po\u0142\u0105czeniem profilu na Facebooku","og_description":"Profil facebookowy, do kt\u00f3rego masz dost\u0119p nie pojawia si\u0119 na li\u015bcie po klikni\u0119ciu w \u201eDodaj profil\u201d w Sotrenderze? Przygotowali\u015bmy dla Ciebie gar\u015b\u0107 porad.","og_url":"https:\/\/wwwprod.sotrender.com\/blog\/pl\/faq\/najczesciej-pojawiajace-sie-problemy-z-polaczeniem-profilu-facebookowego\/","og_site_name":"Sotrender Blog","article_publisher":"https:\/\/www.facebook.com\/Sotrender","twitter_card":"summary_large_image","twitter_site":"@Sotrender","twitter_misc":{"Est. reading time":"1 minute"},"schema":{"@context":"https:\/\/schema.org","@graph":[{"@type":"WebPage","@id":"https:\/\/wwwprod.sotrender.com\/blog\/pl\/faq\/najczesciej-pojawiajace-sie-problemy-z-polaczeniem-profilu-facebookowego\/","url":"https:\/\/wwwprod.sotrender.com\/blog\/pl\/faq\/najczesciej-pojawiajace-sie-problemy-z-polaczeniem-profilu-facebookowego\/","name":"Najcz\u0119\u015bciej pojawiaj\u0105ce si\u0119 problemy z po\u0142\u0105czeniem profilu na Facebooku","isPartOf":{"@id":"https:\/\/www.sotrender.com\/blog\/#website"},"primaryImageOfPage":{"@id":"https:\/\/wwwprod.sotrender.com\/blog\/pl\/faq\/najczesciej-pojawiajace-sie-problemy-z-polaczeniem-profilu-facebookowego\/#primaryimage"},"image":{"@id":"https:\/\/wwwprod.sotrender.com\/blog\/pl\/faq\/najczesciej-pojawiajace-sie-problemy-z-polaczeniem-profilu-facebookowego\/#primaryimage"},"thumbnailUrl":"","datePublished":"2021-06-18T10:48:43+00:00","dateModified":"2021-06-18T10:48:43+00:00","description":"Profil facebookowy, do kt\u00f3rego masz dost\u0119p nie pojawia si\u0119 na li\u015bcie po klikni\u0119ciu w \u201eDodaj profil\u201d w Sotrenderze? Przygotowali\u015bmy dla Ciebie gar\u015b\u0107 porad.","breadcrumb":{"@id":"https:\/\/wwwprod.sotrender.com\/blog\/pl\/faq\/najczesciej-pojawiajace-sie-problemy-z-polaczeniem-profilu-facebookowego\/#breadcrumb"},"inLanguage":"pl-PL","potentialAction":[{"@type":"ReadAction","target":["https:\/\/wwwprod.sotrender.com\/blog\/pl\/faq\/najczesciej-pojawiajace-sie-problemy-z-polaczeniem-profilu-facebookowego\/"]}]},{"@type":"ImageObject","inLanguage":"pl-PL","@id":"https:\/\/wwwprod.sotrender.com\/blog\/pl\/faq\/najczesciej-pojawiajace-sie-problemy-z-polaczeniem-profilu-facebookowego\/#primaryimage","url":"","contentUrl":""},{"@type":"BreadcrumbList","@id":"https:\/\/wwwprod.sotrender.com\/blog\/pl\/faq\/najczesciej-pojawiajace-sie-problemy-z-polaczeniem-profilu-facebookowego\/#breadcrumb","itemListElement":[{"@type":"ListItem","position":1,"name":"Home","item":"https:\/\/www.sotrender.com\/blog\/"},{"@type":"ListItem","position":2,"name":"Faqs","item":"https:\/\/wwwprod.sotrender.com\/blog\/faq\/"},{"@type":"ListItem","position":3,"name":"Najcz\u0119\u015bciej pojawiaj\u0105ce si\u0119 problemy z po\u0142\u0105czeniem profilu facebookowego"}]},{"@type":"WebSite","@id":"https:\/\/www.sotrender.com\/blog\/#website","url":"https:\/\/www.sotrender.com\/blog\/","name":"Sotrender Blog","description":"","potentialAction":[{"@type":"SearchAction","target":{"@type":"EntryPoint","urlTemplate":"https:\/\/www.sotrender.com\/blog\/?s={search_term_string}"},"query-input":"required name=search_term_string"}],"inLanguage":"pl-PL"}]}},"_links":{"self":[{"href":"https:\/\/www.sotrender.com\/blog\/pl\/wp-json\/wp\/v2\/faq\/50809"}],"collection":[{"href":"https:\/\/www.sotrender.com\/blog\/pl\/wp-json\/wp\/v2\/faq"}],"about":[{"href":"https:\/\/www.sotrender.com\/blog\/pl\/wp-json\/wp\/v2\/types\/faq"}],"author":[{"embeddable":true,"href":"https:\/\/www.sotrender.com\/blog\/pl\/wp-json\/wp\/v2\/users\/89"}],"wp:featuredmedia":[{"embeddable":true,"href":"https:\/\/www.sotrender.com\/blog\/pl\/wp-json\/"}],"wp:attachment":[{"href":"https:\/\/www.sotrender.com\/blog\/pl\/wp-json\/wp\/v2\/media?parent=50809"}],"curies":[{"name":"wp","href":"https:\/\/api.w.org\/{rel}","templated":true}]}}