{"id":50808,"date":"2021-06-18T07:34:22","date_gmt":"2021-06-18T07:34:22","guid":{"rendered":"https:\/\/www.sotrender.com\/resources\/?p=9259\/"},"modified":"2024-05-10T08:40:16","modified_gmt":"2024-05-10T06:40:16","slug":"problemy-z-polaczeniem-profilu-instagramowego","status":"publish","type":"faq","link":"https:\/\/www.sotrender.com\/blog\/pl\/faq\/problemy-z-polaczeniem-profilu-instagramowego\/","title":{"rendered":"Najcz\u0119\u015bciej pojawiaj\u0105ce si\u0119 problemy z po\u0142\u0105czeniem profilu instagramowego"},"content":{"rendered":"\n<p><span style=\"font-weight: 400;\">Masz problem z dodaniem do Sotrendera profilu instagramowego, do kt\u00f3rego masz dost\u0119p?<\/span><\/p>\n\n\n\n<!--more-->\n\n\n\n<p><span style=\"font-weight: 400;\">Oto, co nale\u017cy zrobi\u0107, je\u015bli profil do kt\u00f3rego masz dost\u0119p nie pojawia si\u0119 na li\u015bcie po klikni\u0119ciu w \u201eDodaj profil\u201d.<\/span><\/p>\n\n\n\n<p><span style=\"font-weight: 400;\">Zacznij od sprawdzenia, czy profil pojawia si\u0119 <\/span><a href=\"https:\/\/www.facebook.com\/settings?tab=business_tools&amp;ref=settings\"><span style=\"font-weight: 400;\">w integracjach biznesowych<\/span><\/a><span style=\"font-weight: 400;\">.&nbsp;<\/span><\/p>\n\n\n\n<ul>\n<li><span style=\"font-weight: 400;\">Je\u015bli profil si\u0119 pojawi &#8211; zaznacz wszystkie checkboxy i dodaj ponownie autoryzacj\u0119 w Sotrenderze.<\/span><\/li>\n<\/ul>\n\n\n<div class=\"wp-block-image\">\n<figure class=\"aligncenter\"><img decoding=\"async\" src=\"https:\/\/www.sotrender.com\/blog\/wp-content\/uploads\/2021\/06\/image5-1-1.png\" alt=\"\" class=\"wp-image-9263\"\/><\/figure><\/div>\n\n<div class=\"wp-block-image\">\n<figure class=\"aligncenter\"><img decoding=\"async\" src=\"https:\/\/www.sotrender.com\/blog\/wp-content\/uploads\/2021\/06\/profile-i-autoryzacje-1.png\" alt=\"profile i autoryzacje, sotrender\" class=\"wp-image-9159\"\/><\/figure><\/div>\n\n<div class=\"wp-block-image\">\n<figure class=\"aligncenter\"><img decoding=\"async\" src=\"https:\/\/www.sotrender.com\/blog\/wp-content\/uploads\/2021\/06\/image15-1-1.png\" alt=\"\" class=\"wp-image-9265\"\/><\/figure><\/div>\n\n\n<ul>\n<li><span style=\"font-weight: 400;\">Je\u015bli profil si\u0119 nie pojawi &#8211; sprawd\u017a, czy masz do niego dost\u0119p.\u00a0<\/span><\/li>\n<\/ul>\n\n\n\n<p><span style=\"font-weight: 400;\">1. Je\u015bli masz dost\u0119p &#8211; usu\u0144 Sotrendera z <\/span><a href=\"https:\/\/www.facebook.com\/settings?tab=business_tools&amp;ref=settings\"><span style=\"font-weight: 400;\">integracji biznesowych<\/span><\/a><span style=\"font-weight: 400;\">, a nast\u0119pnie przeloguj si\u0119 w narz\u0119dziu i dodaj ponownie autoryzacj\u0119, zaznaczaj\u0105c wszystkie checkboxy podczas logowania do Facebooka.<\/span><\/p>\n\n\n\n<figure class=\"wp-block-image size-large\"><img decoding=\"async\" src=\"https:\/\/www.sotrender.com\/blog\/wp-content\/uploads\/2021\/06\/integracje-biznesowe-na-facebooku-1024x402.png\" alt=\"integracje biznesowe na facebooku\"\/><\/figure>\n\n\n<div class=\"wp-block-image\">\n<figure class=\"aligncenter\"><img decoding=\"async\" src=\"https:\/\/www.sotrender.com\/blog\/wp-content\/uploads\/2021\/06\/profile-i-autoryzacje-1.png\" alt=\"profile i autoryzacje, sotrender\" class=\"wp-image-9159\"\/><\/figure><\/div>\n\n<div class=\"wp-block-image\">\n<figure class=\"aligncenter\"><img decoding=\"async\" src=\"https:\/\/www.sotrender.com\/blog\/wp-content\/uploads\/2021\/06\/image15-1-1.png\" alt=\"\" class=\"wp-image-9265\"\/><\/figure><\/div>\n\n<div class=\"wp-block-image\">\n<figure class=\"aligncenter\"><img decoding=\"async\" src=\"https:\/\/www.sotrender.com\/blog\/wp-content\/uploads\/2021\/06\/image33-1.png\" alt=\"\" class=\"wp-image-9269\"\/><\/figure><\/div>\n\n\n<p><span style=\"font-weight: 400;\">2. Je\u015bli nie masz dost\u0119pu do profilu &#8211; skontaktuj si\u0119 z osob\u0105, kt\u00f3ra taki dost\u0119p posiada, aby przyzna\u0142a go tak\u017ce Tobie.&nbsp;<\/span><\/p>\n\n\n\n<p><span style=\"font-weight: 400;\">Nast\u0119pnie upewnij si\u0119, czy Twoje konto na Instagramie prze\u0142\u0105czone jest na konto biznesowe. By to sprawdzi\u0107, zaloguj si\u0119 do Instagrama w aplikacji mobilnej, a nast\u0119pnie przejd\u017a w Ustawienia -&gt; Konto. Upewnij si\u0119, czy na dole strony widoczna jest opcja \u201e<\/span><b>Prze\u0142\u0105cz na konto osobiste<\/b><span style=\"font-weight: 400;\">\u201d<\/span><\/p>\n\n\n\n<ul>\n<li><span style=\"font-weight: 400;\">Je\u015bli jest ona widoczna &#8211; Tw\u00f3j profil jest profilem biznesowym\u00a0<\/span><\/li>\n<\/ul>\n\n\n<div class=\"wp-block-image\">\n<figure class=\"aligncenter size-large\"><img decoding=\"async\" src=\"https:\/\/www.sotrender.com\/blog\/wp-content\/uploads\/2021\/06\/przelacz-na-konto-osobiste-473x1024.png\" alt=\"prze\u0142\u0105cz na konto osobiste, instagram\"\/><\/figure><\/div>\n\n\n<ul>\n<li><span style=\"font-weight: 400;\">Je\u015bli opcja ta nie jest widoczna &#8211; kliknij \u201ePrze\u0142\u0105cz na konto profesjonalne\u201d i przejd\u017a do punktu \u201cJak poprawnie po\u0142\u0105czy\u0107 konto Instagramowe z profilem na Facebooku.\u201d<\/span><\/li>\n<\/ul>\n\n\n<div class=\"wp-block-image\">\n<figure class=\"aligncenter size-large\"><img decoding=\"async\" src=\"https:\/\/www.sotrender.com\/blog\/wp-content\/uploads\/2021\/06\/ustawienia-konta-instagram-473x1024.png\" alt=\"ustawienia konta na instagramie\"\/><\/figure><\/div>\n\n\n<p><span style=\"font-weight: 400;\">Nast\u0119pnie sprawd\u017a, czy profil instagramowy jest poprawnie po\u0142\u0105czony z profilem na Facebooku. Oto, jak to zrobi\u0107.<\/span><\/p>\n\n\n\n<ul>\n<li><span style=\"font-weight: 400;\">Zaloguj si\u0119 do Instagrama <\/span><b>z poziomu aplikacji na telefonie<\/b><span style=\"font-weight: 400;\">. Wejd\u017a w<\/span><b>:<\/b><span style=\"font-weight: 400;\"> Ustawienia -> Konto -> Udost\u0119pnianie w innych aplikacjach -> i sprawd\u017a, jaka nazwa pojawia si\u0119 przy sekcji Facebook.<\/span><\/li>\n<\/ul>\n\n\n\n<p><span style=\"font-weight: 400;\">1. Je\u015bli jest to nazwa profilu na Facebooku (na kt\u00f3rej pe\u0142nisz rol\u0119) &#8211; wszystko jest ok<\/span><\/p>\n\n\n<div class=\"wp-block-image\">\n<figure class=\"aligncenter size-large\"><img decoding=\"async\" src=\"https:\/\/www.sotrender.com\/blog\/wp-content\/uploads\/2021\/06\/image21-473x1024.png\" alt=\"\"\/><\/figure><\/div>\n\n\n<p><span style=\"font-weight: 400;\">2. Je\u015bli pojawia si\u0119 inna nazwa ni\u017c nazwa profilu na Facebooku, kt\u00f3ry Ci\u0119 interesuje (np. nazwa prywatnego konta na Facebooku) -&gt; przejd\u017a do kroku o poprawnym \u0142\u0105czeniu profili.<\/span><\/p>\n\n\n<div class=\"wp-block-image\">\n<figure class=\"aligncenter size-large\"><img decoding=\"async\" src=\"https:\/\/www.sotrender.com\/blog\/wp-content\/uploads\/2021\/06\/image29-473x1024.png\" alt=\"\"\/><\/figure><\/div>\n\n\n<ul>\n<li><span style=\"font-weight: 400;\">Zaloguj si\u0119 do Instagrama <\/span><b>z poziomu aplikacji na telefonie<\/b><span style=\"font-weight: 400;\">. Wejd\u017a w \u2018Edytuj profil\u2019 i sprawd\u017a, czy pojawia si\u0119 przycisk \u201ePotwierd\u017a\u201d w sekcji \u201cInformacje profilowe\u201d &#8211; \u201eStrona\u201d.<\/span><\/li>\n<\/ul>\n\n\n\n<p><span style=\"font-weight: 400;\">1. Je\u015bli si\u0119 pojawi &#8211; kliknij przycisk \u201cPotwierd\u017a\u201d<\/span><\/p>\n\n\n<div class=\"wp-block-image\">\n<figure class=\"aligncenter size-large\"><img decoding=\"async\" src=\"https:\/\/www.sotrender.com\/blog\/wp-content\/uploads\/2021\/06\/image23-473x1024.png\" alt=\"\"\/><\/figure><\/div>\n\n\n<p><span style=\"font-weight: 400;\">2. Je\u015bli si\u0119 nie pojawi &#8211; przejd\u017a dalej<\/span><\/p>\n\n\n<div class=\"wp-block-image\">\n<figure class=\"aligncenter size-large\"><img decoding=\"async\" src=\"https:\/\/www.sotrender.com\/blog\/wp-content\/uploads\/2021\/06\/image13-473x1024.png\" alt=\"\"\/><\/figure><\/div>\n\n\n<ul>\n<li><span style=\"font-weight: 400;\">Zaloguj si\u0119 do Facebooka <\/span><b>na swoim komputerze<\/b><span style=\"font-weight: 400;\">. Wejd\u017a na profil, z kt\u00f3rym konto na Instagramie powinno by\u0107 po\u0142\u0105czone. Wejd\u017a w: Ustawienia strony -> Instagram -> i sprawd\u017a, z jakim profilem instagramowym jest jest po\u0142\u0105czony profil facebookowy.<\/span><\/li>\n<\/ul>\n\n\n\n<p><span style=\"font-weight: 400;\">1. Je\u015bli zobaczysz poprawn\u0105 nazw\u0119 profilu instagramowego &#8211; po\u0142\u0105czenie jest poprawne ze strony Facebooka.<\/span><\/p>\n\n\n\n<p><span style=\"font-weight: 400;\">2. Je\u015bli zobaczysz inn\u0105 nazw\u0119 profilu instagramowego &#8211; kliknij \u201eUsu\u0144 po\u0142\u0105czenie\u201d i przejd\u017a do kroku o poprawnym \u0142\u0105czeniu profili.<\/span><\/p>\n\n\n<div class=\"wp-block-image\">\n<figure class=\"aligncenter size-large\"><img decoding=\"async\" src=\"https:\/\/www.sotrender.com\/blog\/wp-content\/uploads\/2021\/06\/usuwanie-powiazania-instagram-1024x463.png\" alt=\"usuwanie powi\u0105zania konta na instagramie\"\/><\/figure><\/div>","protected":false},"author":89,"featured_media":9285,"template":"","yoast_head":"<!-- This site is optimized with the Yoast SEO plugin v22.4 - https:\/\/yoast.com\/wordpress\/plugins\/seo\/ -->\n<title>Najcz\u0119\u015bciej pojawiaj\u0105ce si\u0119 problemy z po\u0142\u0105czeniem profilu instagramowego<\/title>\n<meta name=\"description\" content=\"Oto, co nale\u017cy zrobi\u0107, je\u015bli profil instagramowy do kt\u00f3rego masz dost\u0119p nie pojawia si\u0119 na li\u015bcie po klikni\u0119ciu w \u201eDodaj profil\u201d w Sotrenderze.\" \/>\n<meta name=\"robots\" content=\"index, follow, max-snippet:-1, max-image-preview:large, max-video-preview:-1\" \/>\n<link rel=\"canonical\" href=\"https:\/\/wwwprod.sotrender.com\/blog\/pl\/faq\/problemy-z-polaczeniem-profilu-instagramowego\/\" \/>\n<meta property=\"og:locale\" content=\"pl_PL\" \/>\n<meta property=\"og:type\" content=\"article\" \/>\n<meta property=\"og:title\" content=\"Najcz\u0119\u015bciej pojawiaj\u0105ce si\u0119 problemy z po\u0142\u0105czeniem profilu instagramowego\" \/>\n<meta property=\"og:description\" content=\"Oto, co nale\u017cy zrobi\u0107, je\u015bli profil instagramowy do kt\u00f3rego masz dost\u0119p nie pojawia si\u0119 na li\u015bcie po klikni\u0119ciu w \u201eDodaj profil\u201d w Sotrenderze.\" \/>\n<meta property=\"og:url\" content=\"https:\/\/wwwprod.sotrender.com\/blog\/pl\/faq\/problemy-z-polaczeniem-profilu-instagramowego\/\" \/>\n<meta property=\"og:site_name\" content=\"Sotrender Blog\" \/>\n<meta property=\"article:publisher\" content=\"https:\/\/www.facebook.com\/Sotrender\" \/>\n<meta property=\"article:modified_time\" content=\"2024-05-10T06:40:16+00:00\" \/>\n<meta name=\"twitter:card\" content=\"summary_large_image\" \/>\n<meta name=\"twitter:site\" content=\"@Sotrender\" \/>\n<meta name=\"twitter:label1\" content=\"Est. reading time\" \/>\n\t<meta name=\"twitter:data1\" content=\"5 minutes\" \/>\n<script type=\"application\/ld+json\" class=\"yoast-schema-graph\">{\"@context\":\"https:\/\/schema.org\",\"@graph\":[{\"@type\":\"WebPage\",\"@id\":\"https:\/\/wwwprod.sotrender.com\/blog\/pl\/faq\/problemy-z-polaczeniem-profilu-instagramowego\/\",\"url\":\"https:\/\/wwwprod.sotrender.com\/blog\/pl\/faq\/problemy-z-polaczeniem-profilu-instagramowego\/\",\"name\":\"Najcz\u0119\u015bciej pojawiaj\u0105ce si\u0119 problemy z po\u0142\u0105czeniem profilu instagramowego\",\"isPartOf\":{\"@id\":\"https:\/\/www.sotrender.com\/blog\/#website\"},\"primaryImageOfPage\":{\"@id\":\"https:\/\/wwwprod.sotrender.com\/blog\/pl\/faq\/problemy-z-polaczeniem-profilu-instagramowego\/#primaryimage\"},\"image\":{\"@id\":\"https:\/\/wwwprod.sotrender.com\/blog\/pl\/faq\/problemy-z-polaczeniem-profilu-instagramowego\/#primaryimage\"},\"thumbnailUrl\":\"\",\"datePublished\":\"2021-06-18T07:34:22+00:00\",\"dateModified\":\"2024-05-10T06:40:16+00:00\",\"description\":\"Oto, co nale\u017cy zrobi\u0107, je\u015bli profil instagramowy do kt\u00f3rego masz dost\u0119p nie pojawia si\u0119 na li\u015bcie po klikni\u0119ciu w \u201eDodaj profil\u201d w Sotrenderze.\",\"breadcrumb\":{\"@id\":\"https:\/\/wwwprod.sotrender.com\/blog\/pl\/faq\/problemy-z-polaczeniem-profilu-instagramowego\/#breadcrumb\"},\"inLanguage\":\"pl-PL\",\"potentialAction\":[{\"@type\":\"ReadAction\",\"target\":[\"https:\/\/wwwprod.sotrender.com\/blog\/pl\/faq\/problemy-z-polaczeniem-profilu-instagramowego\/\"]}]},{\"@type\":\"ImageObject\",\"inLanguage\":\"pl-PL\",\"@id\":\"https:\/\/wwwprod.sotrender.com\/blog\/pl\/faq\/problemy-z-polaczeniem-profilu-instagramowego\/#primaryimage\",\"url\":\"\",\"contentUrl\":\"\"},{\"@type\":\"BreadcrumbList\",\"@id\":\"https:\/\/wwwprod.sotrender.com\/blog\/pl\/faq\/problemy-z-polaczeniem-profilu-instagramowego\/#breadcrumb\",\"itemListElement\":[{\"@type\":\"ListItem\",\"position\":1,\"name\":\"Home\",\"item\":\"https:\/\/www.sotrender.com\/blog\/\"},{\"@type\":\"ListItem\",\"position\":2,\"name\":\"Faqs\",\"item\":\"https:\/\/wwwprod.sotrender.com\/blog\/faq\/\"},{\"@type\":\"ListItem\",\"position\":3,\"name\":\"Najcz\u0119\u015bciej pojawiaj\u0105ce si\u0119 problemy z po\u0142\u0105czeniem profilu instagramowego\"}]},{\"@type\":\"WebSite\",\"@id\":\"https:\/\/www.sotrender.com\/blog\/#website\",\"url\":\"https:\/\/www.sotrender.com\/blog\/\",\"name\":\"Sotrender Blog\",\"description\":\"\",\"potentialAction\":[{\"@type\":\"SearchAction\",\"target\":{\"@type\":\"EntryPoint\",\"urlTemplate\":\"https:\/\/www.sotrender.com\/blog\/?s={search_term_string}\"},\"query-input\":\"required name=search_term_string\"}],\"inLanguage\":\"pl-PL\"}]}<\/script>\n<!-- \/ Yoast SEO plugin. -->","yoast_head_json":{"title":"Najcz\u0119\u015bciej pojawiaj\u0105ce si\u0119 problemy z po\u0142\u0105czeniem profilu instagramowego","description":"Oto, co nale\u017cy zrobi\u0107, je\u015bli profil instagramowy do kt\u00f3rego masz dost\u0119p nie pojawia si\u0119 na li\u015bcie po klikni\u0119ciu w \u201eDodaj profil\u201d w Sotrenderze.","robots":{"index":"index","follow":"follow","max-snippet":"max-snippet:-1","max-image-preview":"max-image-preview:large","max-video-preview":"max-video-preview:-1"},"canonical":"https:\/\/wwwprod.sotrender.com\/blog\/pl\/faq\/problemy-z-polaczeniem-profilu-instagramowego\/","og_locale":"pl_PL","og_type":"article","og_title":"Najcz\u0119\u015bciej pojawiaj\u0105ce si\u0119 problemy z po\u0142\u0105czeniem profilu instagramowego","og_description":"Oto, co nale\u017cy zrobi\u0107, je\u015bli profil instagramowy do kt\u00f3rego masz dost\u0119p nie pojawia si\u0119 na li\u015bcie po klikni\u0119ciu w \u201eDodaj profil\u201d w Sotrenderze.","og_url":"https:\/\/wwwprod.sotrender.com\/blog\/pl\/faq\/problemy-z-polaczeniem-profilu-instagramowego\/","og_site_name":"Sotrender Blog","article_publisher":"https:\/\/www.facebook.com\/Sotrender","article_modified_time":"2024-05-10T06:40:16+00:00","twitter_card":"summary_large_image","twitter_site":"@Sotrender","twitter_misc":{"Est. reading time":"5 minutes"},"schema":{"@context":"https:\/\/schema.org","@graph":[{"@type":"WebPage","@id":"https:\/\/wwwprod.sotrender.com\/blog\/pl\/faq\/problemy-z-polaczeniem-profilu-instagramowego\/","url":"https:\/\/wwwprod.sotrender.com\/blog\/pl\/faq\/problemy-z-polaczeniem-profilu-instagramowego\/","name":"Najcz\u0119\u015bciej pojawiaj\u0105ce si\u0119 problemy z po\u0142\u0105czeniem profilu instagramowego","isPartOf":{"@id":"https:\/\/www.sotrender.com\/blog\/#website"},"primaryImageOfPage":{"@id":"https:\/\/wwwprod.sotrender.com\/blog\/pl\/faq\/problemy-z-polaczeniem-profilu-instagramowego\/#primaryimage"},"image":{"@id":"https:\/\/wwwprod.sotrender.com\/blog\/pl\/faq\/problemy-z-polaczeniem-profilu-instagramowego\/#primaryimage"},"thumbnailUrl":"","datePublished":"2021-06-18T07:34:22+00:00","dateModified":"2024-05-10T06:40:16+00:00","description":"Oto, co nale\u017cy zrobi\u0107, je\u015bli profil instagramowy do kt\u00f3rego masz dost\u0119p nie pojawia si\u0119 na li\u015bcie po klikni\u0119ciu w \u201eDodaj profil\u201d w Sotrenderze.","breadcrumb":{"@id":"https:\/\/wwwprod.sotrender.com\/blog\/pl\/faq\/problemy-z-polaczeniem-profilu-instagramowego\/#breadcrumb"},"inLanguage":"pl-PL","potentialAction":[{"@type":"ReadAction","target":["https:\/\/wwwprod.sotrender.com\/blog\/pl\/faq\/problemy-z-polaczeniem-profilu-instagramowego\/"]}]},{"@type":"ImageObject","inLanguage":"pl-PL","@id":"https:\/\/wwwprod.sotrender.com\/blog\/pl\/faq\/problemy-z-polaczeniem-profilu-instagramowego\/#primaryimage","url":"","contentUrl":""},{"@type":"BreadcrumbList","@id":"https:\/\/wwwprod.sotrender.com\/blog\/pl\/faq\/problemy-z-polaczeniem-profilu-instagramowego\/#breadcrumb","itemListElement":[{"@type":"ListItem","position":1,"name":"Home","item":"https:\/\/www.sotrender.com\/blog\/"},{"@type":"ListItem","position":2,"name":"Faqs","item":"https:\/\/wwwprod.sotrender.com\/blog\/faq\/"},{"@type":"ListItem","position":3,"name":"Najcz\u0119\u015bciej pojawiaj\u0105ce si\u0119 problemy z po\u0142\u0105czeniem profilu instagramowego"}]},{"@type":"WebSite","@id":"https:\/\/www.sotrender.com\/blog\/#website","url":"https:\/\/www.sotrender.com\/blog\/","name":"Sotrender Blog","description":"","potentialAction":[{"@type":"SearchAction","target":{"@type":"EntryPoint","urlTemplate":"https:\/\/www.sotrender.com\/blog\/?s={search_term_string}"},"query-input":"required name=search_term_string"}],"inLanguage":"pl-PL"}]}},"_links":{"self":[{"href":"https:\/\/www.sotrender.com\/blog\/pl\/wp-json\/wp\/v2\/faq\/50808"}],"collection":[{"href":"https:\/\/www.sotrender.com\/blog\/pl\/wp-json\/wp\/v2\/faq"}],"about":[{"href":"https:\/\/www.sotrender.com\/blog\/pl\/wp-json\/wp\/v2\/types\/faq"}],"author":[{"embeddable":true,"href":"https:\/\/www.sotrender.com\/blog\/pl\/wp-json\/wp\/v2\/users\/89"}],"wp:featuredmedia":[{"embeddable":true,"href":"https:\/\/www.sotrender.com\/blog\/pl\/wp-json\/"}],"wp:attachment":[{"href":"https:\/\/www.sotrender.com\/blog\/pl\/wp-json\/wp\/v2\/media?parent=50808"}],"curies":[{"name":"wp","href":"https:\/\/api.w.org\/{rel}","templated":true}]}}