{"id":50807,"date":"2021-06-18T06:56:10","date_gmt":"2021-06-18T06:56:10","guid":{"rendered":"https:\/\/www.sotrender.com\/resources\/?p=9229\/"},"modified":"2024-05-10T08:44:59","modified_gmt":"2024-05-10T06:44:59","slug":"jak-poprawnie-polaczyc-konto-instagramowe-z-profilem-na-facebooku","status":"publish","type":"faq","link":"https:\/\/www.sotrender.com\/blog\/pl\/faq\/jak-poprawnie-polaczyc-konto-instagramowe-z-profilem-na-facebooku\/","title":{"rendered":"Jak poprawnie po\u0142\u0105czy\u0107 konto instagramowe z profilem na Facebooku?"},"content":{"rendered":"\n<p><span style=\"font-weight: 400;\">Aby mie\u0107 mo\u017cliwo\u015b\u0107 dodania, a nast\u0119pnie analizowania, wybranego profilu instagramowego w Sotrenderze, upewnij si\u0119, \u017ce jest ono poprawnie skonfigurowane oraz po\u0142\u0105czone z Facebookiem.&nbsp;<\/span><\/p>\n\n\n\n<!--more-->\n\n\n\n<p><span style=\"font-weight: 400;\">Poni\u017cej opisali\u015bmy, jak rozwi\u0105za\u0107 najcz\u0119\u015bciej pojawiaj\u0105ce si\u0119 problemy z po\u0142\u0105czeniem Instagrama z Facebookiem.&nbsp;<\/span><\/p>\n\n\n\n<ul>\n<li><span style=\"font-weight: 400;\">Zmie\u0144 profil instagramowy <\/span><b>na profil prywatny<\/b><span style=\"font-weight: 400;\">. By to zrobi\u0107, zaloguj si\u0119 do Instagrama <\/span><b>na aplikacji mobilnej<\/b><span style=\"font-weight: 400;\">, przejd\u017a w: Ustawienia -> Konto -> i kliknij \u201ePrze\u0142\u0105cz na konto osobiste\u201d.<\/span><\/li>\n<\/ul>\n\n\n<div class=\"wp-block-image\">\n<figure class=\"aligncenter size-large\"><img decoding=\"async\" src=\"https:\/\/www.sotrender.com\/blog\/wp-content\/uploads\/2021\/06\/ustawienia-konta-instagram-473x1024.png\" alt=\"ustawienia konta na instagramie\"\/><\/figure><\/div>\n\n\n<ul>\n<li><span style=\"font-weight: 400;\">Nast\u0119pnie nale\u017cy usun\u0105\u0107 profil, z kt\u00f3rym po\u0142\u0105czony jest profil na Facebooku. By to zrobi\u0107, <\/span><b>zaloguj si\u0119 do Facebooka na swoim komputerze<\/b><span style=\"font-weight: 400;\">. Nast\u0119pnie przejd\u017a na profil, z kt\u00f3rym Instagram powinien by\u0107 po\u0142\u0105czony ->\u00a0 Ustawienia strony -> Instagram -> i kliknij \u201e<\/span><b>Usu\u0144 po\u0142\u0105czenie<\/b><span style=\"font-weight: 400;\">\u201d. Potwierd\u017a roz\u0142\u0105czenie.<\/span><\/li>\n<\/ul>\n\n\n<div class=\"wp-block-image\">\n<figure class=\"aligncenter size-large\"><img decoding=\"async\" src=\"https:\/\/www.sotrender.com\/blog\/wp-content\/uploads\/2021\/06\/usuwanie-powiazania-instagram-1024x463.png\" alt=\"usuwanie powi\u0105zania konta na instagramie\"\/><\/figure><\/div>\n\n\n<ul>\n<li><span style=\"font-weight: 400;\">Nawi\u0105\u017c nowe po\u0142\u0105czenie profilu na Facebooku z Instagramem. Zaloguj si\u0119 do Facebooka <\/span><b>na komputerze<\/b><span style=\"font-weight: 400;\">. Przejd\u017a na profil, z kt\u00f3rym konto instagramowe powinno by\u0107 po\u0142\u0105czone -> Ustawienia strony -> Instagram -> \u201ePo\u0142\u0105cz konto\u201d -> Kontynuuj -> Wybierz profil instagramowy, z kt\u00f3rym chcesz po\u0142\u0105czy\u0107 konto.<\/span><\/li>\n<\/ul>\n\n\n<div class=\"wp-block-image\">\n<figure class=\"aligncenter size-large\"><img decoding=\"async\" src=\"https:\/\/www.sotrender.com\/blog\/wp-content\/uploads\/2021\/06\/polaczenie-strony-na-fb-z-instagramem-1024x390.png\" alt=\"po\u0142\u0105czenie strony na Facebooku z Instagramem\"\/><\/figure><\/div>\n\n<div class=\"wp-block-image\">\n<figure class=\"aligncenter\"><img decoding=\"async\" src=\"https:\/\/www.sotrender.com\/blog\/wp-content\/uploads\/2021\/06\/image30-1.png\" alt=\"ustawienia instagram\" class=\"wp-image-9237\"\/><\/figure><\/div>\n\n<div class=\"wp-block-image\">\n<figure class=\"aligncenter size-large\"><img decoding=\"async\" src=\"https:\/\/www.sotrender.com\/blog\/wp-content\/uploads\/2021\/06\/dane-konta-na-instagramie-1024x722.png\" alt=\"dane konta na instagramie\"\/><\/figure><\/div>\n\n\n<ul>\n<li><span style=\"font-weight: 400;\">Potwierd\u017a po\u0142\u0105czenie na Instagramie. By to zrobi\u0107 <\/span><b>zaloguj si\u0119 do Instagrama z poziomu aplikacji mobilnej<\/b><span style=\"font-weight: 400;\">, przejd\u017a w: Ustawienia -> Konto -> Udost\u0119pnianie w innych aplikacjach -> kliknij w sekcj\u0119 Facebook -> wybierz profil, z kt\u00f3rym profil powinien by\u0107 po\u0142\u0105czony (nie profil prywatny).<\/span><\/li>\n<\/ul>\n\n\n<div class=\"wp-block-image\">\n<figure class=\"aligncenter size-large\"><img decoding=\"async\" src=\"https:\/\/www.sotrender.com\/blog\/wp-content\/uploads\/2021\/06\/udostepnianie-relacji-i-postow-473x1024.png\" alt=\"udost\u0119pnianie relacji i post\u00f3w\"\/><\/figure><\/div>\n\n<div class=\"wp-block-image\">\n<figure class=\"aligncenter\"><img decoding=\"async\" src=\"https:\/\/www.sotrender.com\/blog\/wp-content\/uploads\/2021\/06\/dodaj-profil-w-sotrenderze-1.png\" alt=\"dodawanie profilu w sotrenderze\" class=\"wp-image-9171\"\/><\/figure><\/div>\n\n<div class=\"wp-block-image\">\n<figure class=\"aligncenter\"><img decoding=\"async\" src=\"https:\/\/www.sotrender.com\/blog\/wp-content\/uploads\/2021\/06\/sotrender-dodanie-profilu-ig-1.png\" alt=\"dodanie profilu instagramowego w sotrenderze\" class=\"wp-image-9245\"\/><\/figure><\/div>\n\n\n<p><span style=\"font-weight: 400;\">Profil pojawia si\u0119 na li\u015bcie?<\/span><\/p>\n\n\n\n<ol>\n<li><span style=\"font-weight: 400;\">Je\u015bli tak, wystarczy go doda\u0107.\u00a0<\/span><\/li>\n\n\n\n<li><span style=\"font-weight: 400;\">Je\u015bli nie &#8211; sprawd\u017a, czy pojawia si\u0119 w <\/span><a href=\"https:\/\/www.facebook.com\/settings?tab=business_tools&amp;ref=settings\"><span style=\"font-weight: 400;\">integracjach biznesowych<\/span><\/a><span style=\"font-weight: 400;\"> na Facebooku.<\/span><\/li>\n<\/ol>\n","protected":false},"author":89,"featured_media":50705,"template":"","yoast_head":"<!-- This site is optimized with the Yoast SEO plugin v22.4 - https:\/\/yoast.com\/wordpress\/plugins\/seo\/ -->\n<title>Jak poprawnie po\u0142\u0105czy\u0107 konto instagramowe z profilem na Facebooku?<\/title>\n<meta name=\"description\" content=\"Aby mie\u0107 mo\u017cliwo\u015b\u0107 analizowania profilu instagramowego w Sotrenderze, upewnij si\u0119, \u017ce jest ono poprawnie skonfigurowane oraz po\u0142\u0105czone z Facebookiem.\u00a0\" \/>\n<meta name=\"robots\" content=\"index, follow, max-snippet:-1, max-image-preview:large, max-video-preview:-1\" \/>\n<link rel=\"canonical\" href=\"https:\/\/wwwprod.sotrender.com\/blog\/pl\/faq\/jak-poprawnie-polaczyc-konto-instagramowe-z-profilem-na-facebooku\/\" \/>\n<meta property=\"og:locale\" content=\"pl_PL\" \/>\n<meta property=\"og:type\" content=\"article\" \/>\n<meta property=\"og:title\" content=\"Jak poprawnie po\u0142\u0105czy\u0107 konto instagramowe z profilem na Facebooku?\" \/>\n<meta property=\"og:description\" content=\"Aby mie\u0107 mo\u017cliwo\u015b\u0107 analizowania profilu instagramowego w Sotrenderze, upewnij si\u0119, \u017ce jest ono poprawnie skonfigurowane oraz po\u0142\u0105czone z Facebookiem.\u00a0\" \/>\n<meta property=\"og:url\" content=\"https:\/\/wwwprod.sotrender.com\/blog\/pl\/faq\/jak-poprawnie-polaczyc-konto-instagramowe-z-profilem-na-facebooku\/\" \/>\n<meta property=\"og:site_name\" content=\"Sotrender Blog\" \/>\n<meta property=\"article:publisher\" content=\"https:\/\/www.facebook.com\/Sotrender\" \/>\n<meta property=\"article:modified_time\" content=\"2024-05-10T06:44:59+00:00\" \/>\n<meta property=\"og:image\" content=\"https:\/\/wwwprod.sotrender.com\/blog\/wp-content\/uploads\/2024\/04\/user-activities-on-instagram.png\" \/>\n\t<meta property=\"og:image:width\" content=\"1999\" \/>\n\t<meta property=\"og:image:height\" content=\"738\" \/>\n\t<meta property=\"og:image:type\" content=\"image\/png\" \/>\n<meta name=\"twitter:card\" content=\"summary_large_image\" \/>\n<meta name=\"twitter:site\" content=\"@Sotrender\" \/>\n<meta name=\"twitter:label1\" content=\"Est. reading time\" \/>\n\t<meta name=\"twitter:data1\" content=\"3 minutes\" \/>\n<script type=\"application\/ld+json\" class=\"yoast-schema-graph\">{\"@context\":\"https:\/\/schema.org\",\"@graph\":[{\"@type\":\"WebPage\",\"@id\":\"https:\/\/wwwprod.sotrender.com\/blog\/pl\/faq\/jak-poprawnie-polaczyc-konto-instagramowe-z-profilem-na-facebooku\/\",\"url\":\"https:\/\/wwwprod.sotrender.com\/blog\/pl\/faq\/jak-poprawnie-polaczyc-konto-instagramowe-z-profilem-na-facebooku\/\",\"name\":\"Jak poprawnie po\u0142\u0105czy\u0107 konto instagramowe z profilem na Facebooku?\",\"isPartOf\":{\"@id\":\"https:\/\/www.sotrender.com\/blog\/#website\"},\"primaryImageOfPage\":{\"@id\":\"https:\/\/wwwprod.sotrender.com\/blog\/pl\/faq\/jak-poprawnie-polaczyc-konto-instagramowe-z-profilem-na-facebooku\/#primaryimage\"},\"image\":{\"@id\":\"https:\/\/wwwprod.sotrender.com\/blog\/pl\/faq\/jak-poprawnie-polaczyc-konto-instagramowe-z-profilem-na-facebooku\/#primaryimage\"},\"thumbnailUrl\":\"https:\/\/www.sotrender.com\/blog\/wp-content\/uploads\/2024\/04\/user-activities-on-instagram.png\",\"datePublished\":\"2021-06-18T06:56:10+00:00\",\"dateModified\":\"2024-05-10T06:44:59+00:00\",\"description\":\"Aby mie\u0107 mo\u017cliwo\u015b\u0107 analizowania profilu instagramowego w Sotrenderze, upewnij si\u0119, \u017ce jest ono poprawnie skonfigurowane oraz po\u0142\u0105czone z Facebookiem.\u00a0\",\"breadcrumb\":{\"@id\":\"https:\/\/wwwprod.sotrender.com\/blog\/pl\/faq\/jak-poprawnie-polaczyc-konto-instagramowe-z-profilem-na-facebooku\/#breadcrumb\"},\"inLanguage\":\"pl-PL\",\"potentialAction\":[{\"@type\":\"ReadAction\",\"target\":[\"https:\/\/wwwprod.sotrender.com\/blog\/pl\/faq\/jak-poprawnie-polaczyc-konto-instagramowe-z-profilem-na-facebooku\/\"]}]},{\"@type\":\"ImageObject\",\"inLanguage\":\"pl-PL\",\"@id\":\"https:\/\/wwwprod.sotrender.com\/blog\/pl\/faq\/jak-poprawnie-polaczyc-konto-instagramowe-z-profilem-na-facebooku\/#primaryimage\",\"url\":\"https:\/\/www.sotrender.com\/blog\/wp-content\/uploads\/2024\/04\/user-activities-on-instagram.png\",\"contentUrl\":\"https:\/\/www.sotrender.com\/blog\/wp-content\/uploads\/2024\/04\/user-activities-on-instagram.png\",\"width\":1999,\"height\":738},{\"@type\":\"BreadcrumbList\",\"@id\":\"https:\/\/wwwprod.sotrender.com\/blog\/pl\/faq\/jak-poprawnie-polaczyc-konto-instagramowe-z-profilem-na-facebooku\/#breadcrumb\",\"itemListElement\":[{\"@type\":\"ListItem\",\"position\":1,\"name\":\"Home\",\"item\":\"https:\/\/www.sotrender.com\/blog\/\"},{\"@type\":\"ListItem\",\"position\":2,\"name\":\"Faqs\",\"item\":\"https:\/\/wwwprod.sotrender.com\/blog\/faq\/\"},{\"@type\":\"ListItem\",\"position\":3,\"name\":\"Jak poprawnie po\u0142\u0105czy\u0107 konto instagramowe z profilem na Facebooku?\"}]},{\"@type\":\"WebSite\",\"@id\":\"https:\/\/www.sotrender.com\/blog\/#website\",\"url\":\"https:\/\/www.sotrender.com\/blog\/\",\"name\":\"Sotrender Blog\",\"description\":\"\",\"potentialAction\":[{\"@type\":\"SearchAction\",\"target\":{\"@type\":\"EntryPoint\",\"urlTemplate\":\"https:\/\/www.sotrender.com\/blog\/?s={search_term_string}\"},\"query-input\":\"required name=search_term_string\"}],\"inLanguage\":\"pl-PL\"}]}<\/script>\n<!-- \/ Yoast SEO plugin. -->","yoast_head_json":{"title":"Jak poprawnie po\u0142\u0105czy\u0107 konto instagramowe z profilem na Facebooku?","description":"Aby mie\u0107 mo\u017cliwo\u015b\u0107 analizowania profilu instagramowego w Sotrenderze, upewnij si\u0119, \u017ce jest ono poprawnie skonfigurowane oraz po\u0142\u0105czone z Facebookiem.\u00a0","robots":{"index":"index","follow":"follow","max-snippet":"max-snippet:-1","max-image-preview":"max-image-preview:large","max-video-preview":"max-video-preview:-1"},"canonical":"https:\/\/wwwprod.sotrender.com\/blog\/pl\/faq\/jak-poprawnie-polaczyc-konto-instagramowe-z-profilem-na-facebooku\/","og_locale":"pl_PL","og_type":"article","og_title":"Jak poprawnie po\u0142\u0105czy\u0107 konto instagramowe z profilem na Facebooku?","og_description":"Aby mie\u0107 mo\u017cliwo\u015b\u0107 analizowania profilu instagramowego w Sotrenderze, upewnij si\u0119, \u017ce jest ono poprawnie skonfigurowane oraz po\u0142\u0105czone z Facebookiem.\u00a0","og_url":"https:\/\/wwwprod.sotrender.com\/blog\/pl\/faq\/jak-poprawnie-polaczyc-konto-instagramowe-z-profilem-na-facebooku\/","og_site_name":"Sotrender Blog","article_publisher":"https:\/\/www.facebook.com\/Sotrender","article_modified_time":"2024-05-10T06:44:59+00:00","og_image":[{"width":1999,"height":738,"url":"https:\/\/wwwprod.sotrender.com\/blog\/wp-content\/uploads\/2024\/04\/user-activities-on-instagram.png","type":"image\/png"}],"twitter_card":"summary_large_image","twitter_site":"@Sotrender","twitter_misc":{"Est. reading time":"3 minutes"},"schema":{"@context":"https:\/\/schema.org","@graph":[{"@type":"WebPage","@id":"https:\/\/wwwprod.sotrender.com\/blog\/pl\/faq\/jak-poprawnie-polaczyc-konto-instagramowe-z-profilem-na-facebooku\/","url":"https:\/\/wwwprod.sotrender.com\/blog\/pl\/faq\/jak-poprawnie-polaczyc-konto-instagramowe-z-profilem-na-facebooku\/","name":"Jak poprawnie po\u0142\u0105czy\u0107 konto instagramowe z profilem na Facebooku?","isPartOf":{"@id":"https:\/\/www.sotrender.com\/blog\/#website"},"primaryImageOfPage":{"@id":"https:\/\/wwwprod.sotrender.com\/blog\/pl\/faq\/jak-poprawnie-polaczyc-konto-instagramowe-z-profilem-na-facebooku\/#primaryimage"},"image":{"@id":"https:\/\/wwwprod.sotrender.com\/blog\/pl\/faq\/jak-poprawnie-polaczyc-konto-instagramowe-z-profilem-na-facebooku\/#primaryimage"},"thumbnailUrl":"https:\/\/www.sotrender.com\/blog\/wp-content\/uploads\/2024\/04\/user-activities-on-instagram.png","datePublished":"2021-06-18T06:56:10+00:00","dateModified":"2024-05-10T06:44:59+00:00","description":"Aby mie\u0107 mo\u017cliwo\u015b\u0107 analizowania profilu instagramowego w Sotrenderze, upewnij si\u0119, \u017ce jest ono poprawnie skonfigurowane oraz po\u0142\u0105czone z Facebookiem.\u00a0","breadcrumb":{"@id":"https:\/\/wwwprod.sotrender.com\/blog\/pl\/faq\/jak-poprawnie-polaczyc-konto-instagramowe-z-profilem-na-facebooku\/#breadcrumb"},"inLanguage":"pl-PL","potentialAction":[{"@type":"ReadAction","target":["https:\/\/wwwprod.sotrender.com\/blog\/pl\/faq\/jak-poprawnie-polaczyc-konto-instagramowe-z-profilem-na-facebooku\/"]}]},{"@type":"ImageObject","inLanguage":"pl-PL","@id":"https:\/\/wwwprod.sotrender.com\/blog\/pl\/faq\/jak-poprawnie-polaczyc-konto-instagramowe-z-profilem-na-facebooku\/#primaryimage","url":"https:\/\/www.sotrender.com\/blog\/wp-content\/uploads\/2024\/04\/user-activities-on-instagram.png","contentUrl":"https:\/\/www.sotrender.com\/blog\/wp-content\/uploads\/2024\/04\/user-activities-on-instagram.png","width":1999,"height":738},{"@type":"BreadcrumbList","@id":"https:\/\/wwwprod.sotrender.com\/blog\/pl\/faq\/jak-poprawnie-polaczyc-konto-instagramowe-z-profilem-na-facebooku\/#breadcrumb","itemListElement":[{"@type":"ListItem","position":1,"name":"Home","item":"https:\/\/www.sotrender.com\/blog\/"},{"@type":"ListItem","position":2,"name":"Faqs","item":"https:\/\/wwwprod.sotrender.com\/blog\/faq\/"},{"@type":"ListItem","position":3,"name":"Jak poprawnie po\u0142\u0105czy\u0107 konto instagramowe z profilem na Facebooku?"}]},{"@type":"WebSite","@id":"https:\/\/www.sotrender.com\/blog\/#website","url":"https:\/\/www.sotrender.com\/blog\/","name":"Sotrender Blog","description":"","potentialAction":[{"@type":"SearchAction","target":{"@type":"EntryPoint","urlTemplate":"https:\/\/www.sotrender.com\/blog\/?s={search_term_string}"},"query-input":"required name=search_term_string"}],"inLanguage":"pl-PL"}]}},"_links":{"self":[{"href":"https:\/\/www.sotrender.com\/blog\/pl\/wp-json\/wp\/v2\/faq\/50807"}],"collection":[{"href":"https:\/\/www.sotrender.com\/blog\/pl\/wp-json\/wp\/v2\/faq"}],"about":[{"href":"https:\/\/www.sotrender.com\/blog\/pl\/wp-json\/wp\/v2\/types\/faq"}],"author":[{"embeddable":true,"href":"https:\/\/www.sotrender.com\/blog\/pl\/wp-json\/wp\/v2\/users\/89"}],"wp:featuredmedia":[{"embeddable":true,"href":"https:\/\/www.sotrender.com\/blog\/pl\/wp-json\/wp\/v2\/media\/50705"}],"wp:attachment":[{"href":"https:\/\/www.sotrender.com\/blog\/pl\/wp-json\/wp\/v2\/media?parent=50807"}],"curies":[{"name":"wp","href":"https:\/\/api.w.org\/{rel}","templated":true}]}}